{"id":683,"date":"2022-02-14T15:39:32","date_gmt":"2022-02-14T14:39:32","guid":{"rendered":"https:\/\/villa-matic.hr\/vela-luka\/"},"modified":"2022-02-18T21:03:46","modified_gmt":"2022-02-18T20:03:46","slug":"vela-luka","status":"publish","type":"page","link":"https:\/\/villa-matic.hr\/sl\/vela-luka\/","title":{"rendered":"Vela Luka"},"content":{"rendered":"<p><div class=\"fusion-fullwidth fullwidth-box fusion-builder-row-1 fusion-flex-container nonhundred-percent-fullwidth non-hundred-percent-height-scrolling\" style=\"background-color: rgba(255,255,255,0);background-position: center center;background-repeat: no-repeat;border-width: 0px 0px 0px 0px;border-color:var(--awb-color3);border-style:solid;\" ><div class=\"fusion-builder-row fusion-row fusion-flex-align-items-flex-start\" style=\"max-width:1248px;margin-left: calc(-4% \/ 2 );margin-right: calc(-4% \/ 2 );\"><div class=\"fusion-layout-column fusion_builder_column fusion-builder-column-0 fusion_builder_column_1_1 1_1 fusion-flex-column\"><div class=\"fusion-column-wrapper fusion-flex-justify-content-flex-start fusion-content-layout-column\" style=\"background-position:left top;background-repeat:no-repeat;-webkit-background-size:cover;-moz-background-size:cover;-o-background-size:cover;background-size:cover;padding: 0px 0px 0px 0px;\"><div class=\"fusion-text fusion-text-1\"><p>Na zahodnem delu otoka Kor\u010dula se nahaja mestece Vela Luka, ki le\u017ei na koncu globoko v notranjost vrezanega zaliva, raz\u010dlenjenega na \u0161tevilne manj\u0161e zalive, katerih obale so porasle z vinogradi, oljkami, figami in borovci in se polo\u017eno spu\u0161\u010dajo proti morju.<\/p>\n<p>S svojimi 4500 prebivalci je Vela Luka po velikosti drugo najve\u010dje mesto na jadranskih otokih, varno sidri\u0161\u010de in pristan za pomor\u0161\u010dake. Zaradi \u0161irokih panoramskih razgledov, blage sredozemske klime, \u010distega morja, zanimive in bogate kulturne dedi\u0161\u010dine, razli\u010dnih \u0161portno rekreativnih in zabavnih prireditev in nadvse ljubeznivih in gostoljubnih doma\u010dinov je Vela Luka privla\u010dna turisti\u010dna destinacija.<\/p>\n<\/div><\/div><style type=\"text\/css\">.fusion-body .fusion-builder-column-0{width:100% !important;margin-top : 0px;margin-bottom : 20px;}.fusion-builder-column-0 > .fusion-column-wrapper {padding-top : 0px !important;padding-right : 0px !important;margin-right : 1.92%;padding-bottom : 0px !important;padding-left : 0px !important;margin-left : 1.92%;}@media only screen and (max-width:1024px) {.fusion-body .fusion-builder-column-0{width:100% !important;order : 0;}.fusion-builder-column-0 > .fusion-column-wrapper {margin-right : 1.92%;margin-left : 1.92%;}}@media only screen and (max-width:640px) {.fusion-body .fusion-builder-column-0{width:100% !important;order : 0;}.fusion-builder-column-0 > .fusion-column-wrapper {margin-right : 1.92%;margin-left : 1.92%;}}<\/style><\/div><\/div><style type=\"text\/css\">.fusion-body .fusion-flex-container.fusion-builder-row-1{ padding-top : 0px;margin-top : 0px;padding-right : 0px;padding-bottom : 0px;margin-bottom : 0px;padding-left : 0px;}<\/style><\/div><div class=\"fusion-fullwidth fullwidth-box fusion-builder-row-2 fusion-flex-container nonhundred-percent-fullwidth non-hundred-percent-height-scrolling\" style=\"background-color: rgba(255,255,255,0);background-position: center center;background-repeat: no-repeat;border-width: 0px 0px 0px 0px;border-color:var(--awb-color3);border-style:solid;\" ><div class=\"fusion-builder-row fusion-row fusion-flex-align-items-flex-start\" style=\"max-width:1248px;margin-left: calc(-4% \/ 2 );margin-right: calc(-4% \/ 2 );\"><div class=\"fusion-layout-column fusion_builder_column fusion-builder-column-1 fusion_builder_column_1_1 1_1 fusion-flex-column\"><div class=\"fusion-column-wrapper fusion-flex-justify-content-flex-start fusion-content-layout-column\" style=\"background-position:left top;background-repeat:no-repeat;-webkit-background-size:cover;-moz-background-size:cover;-o-background-size:cover;background-size:cover;padding: 0px 0px 0px 0px;\"><style type=\"text\/css\">.fusion-gallery-1 .fusion-gallery-image {border:0px solid var(--awb-color3);}<\/style><div class=\"fusion-gallery fusion-gallery-container fusion-grid-4 fusion-columns-total-4 fusion-gallery-layout-grid fusion-gallery-1\" style=\"margin:-2px;\"><div style=\"padding:2.5px;\" class=\"fusion-grid-column fusion-gallery-column fusion-gallery-column-4 hover-type-none\"><div class=\"fusion-gallery-image\"><a href=\"https:\/\/villa-matic.hr\/wp-content\/uploads\/2022\/02\/vela-luka-1.jpg\" rel=\"noreferrer\" data-rel=\"iLightbox[gallery_image_1]\" class=\"fusion-lightbox\" target=\"_self\"><img decoding=\"async\" src=\"https:\/\/villa-matic.hr\/wp-content\/uploads\/2022\/02\/vela-luka-1-320x202.jpg\" width=\"320\" height=\"202\" alt=\"\" title=\"vela luka 1\" aria-label=\"vela luka 1\" class=\"img-responsive wp-image-527 fusion-gallery-image-size-fixed\" srcset=\"https:\/\/villa-matic.hr\/wp-content\/uploads\/2022\/02\/vela-luka-1-320x202.jpg 320w, https:\/\/villa-matic.hr\/wp-content\/uploads\/2022\/02\/vela-luka-1-700x441.jpg 700w\" sizes=\"(max-width: 320px) 100vw, 320px\" \/><\/a><\/div><\/div><div style=\"padding:2.5px;\" class=\"fusion-grid-column fusion-gallery-column fusion-gallery-column-4 hover-type-none\"><div class=\"fusion-gallery-image\"><a href=\"https:\/\/villa-matic.hr\/wp-content\/uploads\/2022\/02\/vela-luka-2.jpg\" rel=\"noreferrer\" data-rel=\"iLightbox[gallery_image_1]\" class=\"fusion-lightbox\" target=\"_self\"><img decoding=\"async\" src=\"https:\/\/villa-matic.hr\/wp-content\/uploads\/2022\/02\/vela-luka-2-320x202.jpg\" width=\"320\" height=\"202\" alt=\"\" title=\"vela luka 2\" aria-label=\"vela luka 2\" class=\"img-responsive wp-image-531 fusion-gallery-image-size-fixed\" srcset=\"https:\/\/villa-matic.hr\/wp-content\/uploads\/2022\/02\/vela-luka-2-320x202.jpg 320w, https:\/\/villa-matic.hr\/wp-content\/uploads\/2022\/02\/vela-luka-2-700x441.jpg 700w\" sizes=\"(max-width: 320px) 100vw, 320px\" \/><\/a><\/div><\/div><div style=\"padding:2.5px;\" class=\"fusion-grid-column fusion-gallery-column fusion-gallery-column-4 hover-type-none\"><div class=\"fusion-gallery-image\"><a href=\"https:\/\/villa-matic.hr\/wp-content\/uploads\/2022\/02\/vela-luka-3.jpg\" rel=\"noreferrer\" data-rel=\"iLightbox[gallery_image_1]\" class=\"fusion-lightbox\" target=\"_self\"><img decoding=\"async\" src=\"https:\/\/villa-matic.hr\/wp-content\/uploads\/2022\/02\/vela-luka-3-320x202.jpg\" width=\"320\" height=\"202\" alt=\"\" title=\"vela luka 3\" aria-label=\"vela luka 3\" class=\"img-responsive wp-image-535 fusion-gallery-image-size-fixed\" srcset=\"https:\/\/villa-matic.hr\/wp-content\/uploads\/2022\/02\/vela-luka-3-320x202.jpg 320w, https:\/\/villa-matic.hr\/wp-content\/uploads\/2022\/02\/vela-luka-3-700x441.jpg 700w\" sizes=\"(max-width: 320px) 100vw, 320px\" \/><\/a><\/div><\/div><div style=\"padding:2.5px;\" class=\"fusion-grid-column fusion-gallery-column fusion-gallery-column-4 hover-type-none\"><div class=\"fusion-gallery-image\"><a href=\"https:\/\/villa-matic.hr\/wp-content\/uploads\/2022\/02\/vela-luka-4.jpg\" rel=\"noreferrer\" data-rel=\"iLightbox[gallery_image_1]\" class=\"fusion-lightbox\" target=\"_self\"><img decoding=\"async\" src=\"https:\/\/villa-matic.hr\/wp-content\/uploads\/2022\/02\/vela-luka-4-320x202.jpg\" width=\"320\" height=\"202\" alt=\"\" title=\"vela luka 4\" aria-label=\"vela luka 4\" class=\"img-responsive wp-image-539 fusion-gallery-image-size-fixed\" srcset=\"https:\/\/villa-matic.hr\/wp-content\/uploads\/2022\/02\/vela-luka-4-320x202.jpg 320w, https:\/\/villa-matic.hr\/wp-content\/uploads\/2022\/02\/vela-luka-4-700x441.jpg 700w\" sizes=\"(max-width: 320px) 100vw, 320px\" \/><\/a><\/div><\/div><div class=\"clearfix\"><\/div><\/div><\/div><style type=\"text\/css\">.fusion-body .fusion-builder-column-1{width:100% !important;margin-top : 0px;margin-bottom : 20px;}.fusion-builder-column-1 > .fusion-column-wrapper {padding-top : 0px !important;padding-right : 0px !important;margin-right : 1.92%;padding-bottom : 0px !important;padding-left : 0px !important;margin-left : 1.92%;}@media only screen and (max-width:1024px) {.fusion-body .fusion-builder-column-1{width:100% !important;order : 0;}.fusion-builder-column-1 > .fusion-column-wrapper {margin-right : 1.92%;margin-left : 1.92%;}}@media only screen and (max-width:640px) {.fusion-body .fusion-builder-column-1{width:100% !important;order : 0;}.fusion-builder-column-1 > .fusion-column-wrapper {margin-right : 1.92%;margin-left : 1.92%;}}<\/style><\/div><\/div><style type=\"text\/css\">.fusion-body .fusion-flex-container.fusion-builder-row-2{ padding-top : 0px;margin-top : 100px;padding-right : 0px;padding-bottom : 0px;margin-bottom : 0px;padding-left : 0px;}<\/style><\/div><\/p>\n","protected":false},"excerpt":{"rendered":"","protected":false},"author":1,"featured_media":0,"parent":0,"menu_order":0,"comment_status":"closed","ping_status":"closed","template":"","meta":{"footnotes":""},"class_list":["post-683","page","type-page","status-publish","hentry"],"yoast_head":"<!-- This site is optimized with the Yoast SEO plugin v18.1 - https:\/\/yoast.com\/wordpress\/plugins\/seo\/ -->\n<title>Vela Luka Hrva\u0161ka - Villa Matic<\/title>\n<meta name=\"description\" content=\"Na zahodnem delu otoka Kor\u010dula se nahaja mestece Vela Luka, ki le\u017ei na koncu globoko v notranjost vrezanega zaliva, raz\u010dlenjenega na \u0161tevilne manj\u0161e zalive\" \/>\n<meta name=\"robots\" content=\"index, follow, max-snippet:-1, max-image-preview:large, max-video-preview:-1\" \/>\n<link rel=\"canonical\" href=\"https:\/\/villa-matic.hr\/sl\/vela-luka\/\" \/>\n<meta property=\"og:locale\" content=\"sl_SI\" \/>\n<meta property=\"og:type\" content=\"article\" \/>\n<meta property=\"og:title\" content=\"Vela Luka Hrva\u0161ka - Villa Matic\" \/>\n<meta property=\"og:description\" content=\"Na zahodnem delu otoka Kor\u010dula se nahaja mestece Vela Luka, ki le\u017ei na koncu globoko v notranjost vrezanega zaliva, raz\u010dlenjenega na \u0161tevilne manj\u0161e zalive\" \/>\n<meta property=\"og:url\" content=\"https:\/\/villa-matic.hr\/sl\/vela-luka\/\" \/>\n<meta property=\"og:site_name\" content=\"Villa Matic\" \/>\n<meta property=\"article:modified_time\" content=\"2022-02-18T20:03:46+00:00\" \/>\n<meta name=\"twitter:card\" content=\"summary_large_image\" \/>\n<meta name=\"twitter:label1\" content=\"Est. reading time\" \/>\n\t<meta name=\"twitter:data1\" content=\"5 minut\" \/>\n<script type=\"application\/ld+json\" class=\"yoast-schema-graph\">{\"@context\":\"https:\/\/schema.org\",\"@graph\":[{\"@type\":\"Organization\",\"@id\":\"https:\/\/villa-matic.hr\/#organization\",\"name\":\"Villa Mati\u0107\",\"url\":\"https:\/\/villa-matic.hr\/\",\"sameAs\":[],\"logo\":{\"@type\":\"ImageObject\",\"@id\":\"https:\/\/villa-matic.hr\/#logo\",\"inLanguage\":\"sl-SI\",\"url\":\"https:\/\/villa-matic.hr\/wp-content\/uploads\/2022\/02\/logo-villa-matic.png\",\"contentUrl\":\"https:\/\/villa-matic.hr\/wp-content\/uploads\/2022\/02\/logo-villa-matic.png\",\"width\":250,\"height\":67,\"caption\":\"Villa Mati\u0107\"},\"image\":{\"@id\":\"https:\/\/villa-matic.hr\/#logo\"}},{\"@type\":\"WebSite\",\"@id\":\"https:\/\/villa-matic.hr\/#website\",\"url\":\"https:\/\/villa-matic.hr\/\",\"name\":\"Villa Matic\",\"description\":\"Savr\u0161eno mjesto za Va\u0161 odmor!\",\"publisher\":{\"@id\":\"https:\/\/villa-matic.hr\/#organization\"},\"potentialAction\":[{\"@type\":\"SearchAction\",\"target\":{\"@type\":\"EntryPoint\",\"urlTemplate\":\"https:\/\/villa-matic.hr\/?s={search_term_string}\"},\"query-input\":\"required name=search_term_string\"}],\"inLanguage\":\"sl-SI\"},{\"@type\":\"WebPage\",\"@id\":\"https:\/\/villa-matic.hr\/sl\/vela-luka\/#webpage\",\"url\":\"https:\/\/villa-matic.hr\/sl\/vela-luka\/\",\"name\":\"Vela Luka Hrva\u0161ka - Villa Matic\",\"isPartOf\":{\"@id\":\"https:\/\/villa-matic.hr\/#website\"},\"datePublished\":\"2022-02-14T14:39:32+00:00\",\"dateModified\":\"2022-02-18T20:03:46+00:00\",\"description\":\"Na zahodnem delu otoka Kor\u010dula se nahaja mestece Vela Luka, ki le\u017ei na koncu globoko v notranjost vrezanega zaliva, raz\u010dlenjenega na \u0161tevilne manj\u0161e zalive\",\"breadcrumb\":{\"@id\":\"https:\/\/villa-matic.hr\/sl\/vela-luka\/#breadcrumb\"},\"inLanguage\":\"sl-SI\",\"potentialAction\":[{\"@type\":\"ReadAction\",\"target\":[\"https:\/\/villa-matic.hr\/sl\/vela-luka\/\"]}]},{\"@type\":\"BreadcrumbList\",\"@id\":\"https:\/\/villa-matic.hr\/sl\/vela-luka\/#breadcrumb\",\"itemListElement\":[{\"@type\":\"ListItem\",\"position\":1,\"name\":\"Home\",\"item\":\"https:\/\/villa-matic.hr\/sl\/\"},{\"@type\":\"ListItem\",\"position\":2,\"name\":\"Vela Luka\"}]}]}<\/script>\n<!-- \/ Yoast SEO plugin. -->","yoast_head_json":{"title":"Vela Luka Hrva\u0161ka - Villa Matic","description":"Na zahodnem delu otoka Kor\u010dula se nahaja mestece Vela Luka, ki le\u017ei na koncu globoko v notranjost vrezanega zaliva, raz\u010dlenjenega na \u0161tevilne manj\u0161e zalive","robots":{"index":"index","follow":"follow","max-snippet":"max-snippet:-1","max-image-preview":"max-image-preview:large","max-video-preview":"max-video-preview:-1"},"canonical":"https:\/\/villa-matic.hr\/sl\/vela-luka\/","og_locale":"sl_SI","og_type":"article","og_title":"Vela Luka Hrva\u0161ka - Villa Matic","og_description":"Na zahodnem delu otoka Kor\u010dula se nahaja mestece Vela Luka, ki le\u017ei na koncu globoko v notranjost vrezanega zaliva, raz\u010dlenjenega na \u0161tevilne manj\u0161e zalive","og_url":"https:\/\/villa-matic.hr\/sl\/vela-luka\/","og_site_name":"Villa Matic","article_modified_time":"2022-02-18T20:03:46+00:00","twitter_card":"summary_large_image","twitter_misc":{"Est. reading time":"5 minut"},"schema":{"@context":"https:\/\/schema.org","@graph":[{"@type":"Organization","@id":"https:\/\/villa-matic.hr\/#organization","name":"Villa Mati\u0107","url":"https:\/\/villa-matic.hr\/","sameAs":[],"logo":{"@type":"ImageObject","@id":"https:\/\/villa-matic.hr\/#logo","inLanguage":"sl-SI","url":"https:\/\/villa-matic.hr\/wp-content\/uploads\/2022\/02\/logo-villa-matic.png","contentUrl":"https:\/\/villa-matic.hr\/wp-content\/uploads\/2022\/02\/logo-villa-matic.png","width":250,"height":67,"caption":"Villa Mati\u0107"},"image":{"@id":"https:\/\/villa-matic.hr\/#logo"}},{"@type":"WebSite","@id":"https:\/\/villa-matic.hr\/#website","url":"https:\/\/villa-matic.hr\/","name":"Villa Matic","description":"Savr\u0161eno mjesto za Va\u0161 odmor!","publisher":{"@id":"https:\/\/villa-matic.hr\/#organization"},"potentialAction":[{"@type":"SearchAction","target":{"@type":"EntryPoint","urlTemplate":"https:\/\/villa-matic.hr\/?s={search_term_string}"},"query-input":"required name=search_term_string"}],"inLanguage":"sl-SI"},{"@type":"WebPage","@id":"https:\/\/villa-matic.hr\/sl\/vela-luka\/#webpage","url":"https:\/\/villa-matic.hr\/sl\/vela-luka\/","name":"Vela Luka Hrva\u0161ka - Villa Matic","isPartOf":{"@id":"https:\/\/villa-matic.hr\/#website"},"datePublished":"2022-02-14T14:39:32+00:00","dateModified":"2022-02-18T20:03:46+00:00","description":"Na zahodnem delu otoka Kor\u010dula se nahaja mestece Vela Luka, ki le\u017ei na koncu globoko v notranjost vrezanega zaliva, raz\u010dlenjenega na \u0161tevilne manj\u0161e zalive","breadcrumb":{"@id":"https:\/\/villa-matic.hr\/sl\/vela-luka\/#breadcrumb"},"inLanguage":"sl-SI","potentialAction":[{"@type":"ReadAction","target":["https:\/\/villa-matic.hr\/sl\/vela-luka\/"]}]},{"@type":"BreadcrumbList","@id":"https:\/\/villa-matic.hr\/sl\/vela-luka\/#breadcrumb","itemListElement":[{"@type":"ListItem","position":1,"name":"Home","item":"https:\/\/villa-matic.hr\/sl\/"},{"@type":"ListItem","position":2,"name":"Vela Luka"}]}]}},"_links":{"self":[{"href":"https:\/\/villa-matic.hr\/sl\/wp-json\/wp\/v2\/pages\/683","targetHints":{"allow":["GET"]}}],"collection":[{"href":"https:\/\/villa-matic.hr\/sl\/wp-json\/wp\/v2\/pages"}],"about":[{"href":"https:\/\/villa-matic.hr\/sl\/wp-json\/wp\/v2\/types\/page"}],"author":[{"embeddable":true,"href":"https:\/\/villa-matic.hr\/sl\/wp-json\/wp\/v2\/users\/1"}],"replies":[{"embeddable":true,"href":"https:\/\/villa-matic.hr\/sl\/wp-json\/wp\/v2\/comments?post=683"}],"version-history":[{"count":1,"href":"https:\/\/villa-matic.hr\/sl\/wp-json\/wp\/v2\/pages\/683\/revisions"}],"predecessor-version":[{"id":684,"href":"https:\/\/villa-matic.hr\/sl\/wp-json\/wp\/v2\/pages\/683\/revisions\/684"}],"wp:attachment":[{"href":"https:\/\/villa-matic.hr\/sl\/wp-json\/wp\/v2\/media?parent=683"}],"curies":[{"name":"wp","href":"https:\/\/api.w.org\/{rel}","templated":true}]}}